{"id":4,"date":"2024-06-20T08:20:41","date_gmt":"2024-06-20T06:20:41","guid":{"rendered":"http:\/\/car-media-shop.de\/?page_id=4"},"modified":"2024-06-20T08:20:41","modified_gmt":"2024-06-20T06:20:41","slug":"impressum","status":"publish","type":"page","link":"https:\/\/car-media-shop.de\/?page_id=4","title":{"rendered":"Impressum"},"content":{"rendered":"\n<p>Angaben gem\u00e4\u00df \u00a75 TMG<\/p>\n\n\n\n<p>Car-Media-Shop<br>In den D\u00f6hren 19<br>32130 Enger<br><br>Mobil: +49 160 2157622<br><a href=\"mailto:info@car-media-shop.de\">info[@]car-media-shop.de<\/a><\/p>\n\n\n\n<p>Ansprechpartner: Andreas Meier<\/p>\n\n\n\n<hr class=\"wp-block-separator\"\/>\n\n\n\n<h2 class=\"wp-block-heading\">Haftungsausschluss<\/h2>\n\n\n<div class=\"su-spoiler su-spoiler-style-default su-spoiler-icon-plus-square-1 su-spoiler-closed\" data-scroll-offset=\"0\" data-anchor-in-url=\"no\"><div class=\"su-spoiler-title\" tabindex=\"0\" role=\"button\"><span class=\"su-spoiler-icon\"><\/span>Bitte anklicken zum Aufklappen<\/div><div class=\"su-spoiler-content su-u-clearfix su-u-trim\">Haftung f\u00fcr Inhalte<br \/>\nAls Diensteanbieter bin ich gem\u00e4\u00df \u00a7 7 Abs.1 TMG f\u00fcr eigene Inhalte auf diesen Seiten nach den allgemeinen Gesetzen verantwortlich. Nach \u00a7\u00a7 8 bis 10 TMG bin ich als Diensteanbieter jedoch nicht verpflichtet, \u00fcbermittelte oder gespeicherte fremde Informationen zu \u00fcberwachen oder nach Umst\u00e4nden zu forschen, die auf eine rechtswidrige T\u00e4tigkeit hinweisen. Verpflichtungen zur Entfernung oder Sperrung der Nutzung von Informationen nach den allgemeinen Gesetzen bleiben hiervon unber\u00fchrt. Eine diesbez\u00fcgliche Haftung ist jedoch erst ab dem Zeitpunkt der Kenntnis einer konkreten Rechtsverletzung m\u00f6glich. Bei Bekanntwerden von entsprechenden Rechtsverletzungen werde ich diese Inhalte umgehend entfernen.<\/p>\n<p>Haftung f\u00fcr Links<br \/>\nMein Angebot enth\u00e4lt Links zu externen Webseiten Dritter, auf deren Inhalte ich keinen Einfluss habe. Deshalb kann ich f\u00fcr diese fremden Inhalte auch keine Gew\u00e4hr \u00fcbernehmen. F\u00fcr die Inhalte der verlinkten Seiten ist stets der jeweilige Anbieter oder Betreiber der Seiten verantwortlich. Die verlinkten Seiten wurden zum Zeitpunkt der Verlinkung auf m\u00f6gliche Rechtsverst\u00f6\u00dfe \u00fcberpr\u00fcft. Rechtswidrige Inhalte waren zum Zeitpunkt der Verlinkung nicht erkennbar. Eine permanente inhaltliche Kontrolle der verlinkten Seiten ist jedoch ohne konkrete Anhaltspunkte einer Rechtsverletzung nicht zumutbar. Bei Bekanntwerden von Rechtsverletzungen werde ich derartige Links umgehend entfernen.<\/p>\n<p>Urheberrecht<br \/>\nDie durch den Seitenbetreiber erstellten Inhalte und Werke auf diesen Seiten unterliegen dem deutschen Urheberrecht. Die Vervielf\u00e4ltigung, Bearbeitung, Verbreitung und jede Art der Verwertung au\u00dferhalb der Grenzen des Urheberrechtes bed\u00fcrfen der schriftlichen Zustimmung des jeweiligen Autors bzw. Erstellers. Downloads und Kopien dieser Seite sind nur f\u00fcr den privaten, nicht kommerziellen Gebrauch gestattet. Soweit die Inhalte auf dieser Seite nicht vom Betreiber erstellt wurden, werden die Urheberrechte Dritter beachtet. Insbesondere werden Inhalte Dritter als solche gekennzeichnet. Sollten Sie trotzdem auf eine Urheberrechtsverletzung aufmerksam werden, bitte ich um einen entsprechenden Hinweis. Bei Bekanntwerden von Rechtsverletzungen werde ich derartige Inhalte umgehend entfernen.<\/p>\n<p>Quelle: http:\/\/www.e-recht24.de<\/div><\/div>\n\n\n\n<hr class=\"wp-block-separator\"\/>\n\n\n\n<h2 class=\"wp-block-heading\">Datenschutz<\/h2>\n\n\n<div class=\"su-spoiler su-spoiler-style-default su-spoiler-icon-plus-square-1 su-spoiler-closed\" data-scroll-offset=\"0\" data-anchor-in-url=\"no\"><div class=\"su-spoiler-title\" tabindex=\"0\" role=\"button\"><span class=\"su-spoiler-icon\"><\/span>Bitte anklicken zum Aufklappen<\/div><div class=\"su-spoiler-content su-u-clearfix su-u-trim\">\n<p><strong>\u00a7 1 Information \u00fcber die Erhebung personenbezogener Daten<\/strong><\/p>\n<p>(1) Im Folgenden informiere ich \u00fcber die Erhebung personenbezogener Daten bei Nutzung meiner Webseite. Personenbezogene Daten sind alle Daten, die auf Sie pers\u00f6nlich beziehbar sind, z.\u2009B. Name, Adresse, E-Mail-Adressen, Nutzerverhalten.<\/p>\n<p>(2) Bei Ihrer Kontaktaufnahme mit mir per E-Mail oder \u00fcber ein Kontaktformular werden die von Ihnen mitgeteilten Daten (Ihre E-Mail-Adresse, ggf. Ihr Name und Ihre Telefonnummer) von mir gespeichert, um Ihre Fragen zu beantworten. Die in diesem Zusammenhang anfallenden Daten l\u00f6sche ich, nachdem die Speicherung nicht mehr erforderlich ist, oder schr\u00e4nke die Verarbeitung ein, falls gesetzliche Aufbewahrungspflichten bestehen. Diese Daten gebe ich nicht ohne Ihre Einwilligung weiter.<\/p>\n<p>(3) Falls ich f\u00fcr einzelne Funktionen meines Angebots auf beauftragte Dienstleister zur\u00fcckgreifen oder Ihre Daten f\u00fcr werbliche Zwecke nutzen m\u00f6chte, werde ich Sie im Detail \u00fcber die jeweiligen Vorg\u00e4nge informieren. Dabei nenne ich auch die festgelegten Kriterien der Speicherdauer.<\/p>\n<p><strong>\u00a7 2 Ihre Rechte<\/strong><\/p>\n<p>(1) Sie haben gegen\u00fcber mir folgende Rechte hinsichtlich der Sie betreffenden personenbezogenen Daten:<\/p>\n<ul class=\"wp-block-list\">\n<li>Recht auf Auskunft,<\/li>\n<li>Recht auf Berichtigung oder L\u00f6schung,<\/li>\n<li>Recht auf Einschr\u00e4nkung der Verarbeitung,<\/li>\n<li>Recht auf Widerspruch gegen die Verarbeitung,<\/li>\n<li>Recht auf Daten\u00fcbertragbarkeit.<\/li>\n<\/ul>\n<p>(2) Sie haben zudem das Recht, sich bei einer Datenschutz-Aufsichtsbeh\u00f6rde \u00fcber die Verarbeitung Ihrer personenbezogenen Daten durch mich zu beschweren.<\/p>\n<p><strong>\u00a7 3 Erhebung personenbezogener Daten bei Besuch der Website<\/strong><\/p>\n<p>(1) Bei der blo\u00df informatorischen Nutzung der Website, also wenn Sie sich nicht registrieren oder mir anderweitig Informationen \u00fcbermitteln, erhebe ich nur die personenbezogenen Daten, die Ihr Browser an unseren Server \u00fcbermittelt (Server-Log-Dateien). Wenn Sie meine Website betrachten m\u00f6chten, erheben ich die folgenden Daten, die technisch erforderlich sind, um Ihnen die Website anzuzeigen und die Stabilit\u00e4t und Sicherheit zu gew\u00e4hrleisten (Rechtsgrundlage ist Art.&nbsp;<a rel=\"noreferrer noopener\" href=\"https:\/\/beck-online.beck.de\/?typ=reference&amp;y=100&amp;a=6&amp;g=EWG_DSGVO\" target=\"_blank\">6<\/a>&nbsp;Abs.&nbsp;<a rel=\"noreferrer noopener\" href=\"https:\/\/beck-online.beck.de\/?typ=reference&amp;y=100&amp;a=6&amp;g=EWG_DSGVO&amp;x=1\" target=\"_blank\">1<\/a>&nbsp;S. 1 lit. f DS-GVO):<\/p>\n<ul class=\"wp-block-list\">\n<li>IP-Adresse<\/li>\n<li>Datum und Uhrzeit der Anfrage<\/li>\n<li>Zeitzonendifferenz zur Greenwich Mean Time (GMT)<\/li>\n<li>Inhalt der Anforderung (konkrete Seite)<\/li>\n<li>Zugriffsstatus\/HTTP-Statuscode<\/li>\n<li>jeweils \u00fcbertragene Datenmenge<\/li>\n<li>Website, von der die Anforderung kommt<\/li>\n<li>Browser<\/li>\n<li>Betriebssystem und dessen Oberfl\u00e4che<\/li>\n<li>Sprache und Version der Browsersoftware.<\/li>\n<\/ul>\n<p>(2) Zus\u00e4tzlich zu den zuvor genannten Daten werden bei Ihrer Nutzung der Website m\u00f6glicherweise Cookies auf Ihrem Rechner gespeichert. Bei Cookies handelt es sich um kleine Textdateien, die auf Ihrer Festplatte dem von Ihnen verwendeten Browser zugeordnet gespeichert werden und durch welche der Stelle, die den Cookie setzt, bestimmte Informationen zuflie\u00dfen. Cookies k\u00f6nnen keine Programme ausf\u00fchren oder Viren auf Ihren Computer \u00fcbertragen. Sie dienen dazu, das Internetangebot insgesamt nutzerfreundlicher und effektiver zu machen.<\/p>\n<p><strong>\u00a7 4 Weitere Funktionen und Angebote der Website<\/strong><\/p>\n<p>(1) Neben der rein informatorischen Nutzung unserer Website biete ich verschiedene Leistungen an, die Sie bei Interesse nutzen k\u00f6nnen. Dazu m\u00fcssen Sie in der Regel weitere personenbezogene Daten angeben, die ich zur Erbringung der jeweiligen Leistung nutze und f\u00fcr die die zuvor genannten Grunds\u00e4tze zur Datenverarbeitung gelten.<\/p>\n<p>(2) Teilweise bediene ich mich zur Verarbeitung Ihrer Daten externer Dienstleister. Diese wurden von mir sorgf\u00e4ltig ausgew\u00e4hlt und beauftragt, sind an meine Weisungen gebunden und werden regelm\u00e4\u00dfig kontrolliert.<\/p>\n<p>(3) Weiterhin kann ich Ihre personenbezogenen Daten an Dritte weitergeben, wenn Aktionsteilnahmen, Gewinnspiele, Vertragsabschl\u00fcsse, Versandauftr\u00e4ge oder \u00e4hnliche Leistungen von mir und\/oder auch gemeinsam mit Partnern angeboten werden. N\u00e4here Informationen hierzu erhalten Sie bei Angabe Ihrer personenbezogenen Daten oder in der Beschreibung des Angebotes.<\/p>\n<p><strong>\u00a7 5 Widerspruch oder Widerruf gegen die Verarbeitung Ihrer Daten<\/strong><\/p>\n<p>(1) Falls Sie eine Einwilligung zur Verarbeitung Ihrer Daten erteilt haben, k\u00f6nnen Sie diese jederzeit widerrufen. Ein solcher Widerruf beeinflusst die Zul\u00e4ssigkeit der Verarbeitung Ihrer personenbezogenen Daten, nachdem Sie ihn gegen\u00fcber mir ausgesprochen haben.<\/p>\n<p>(2) Soweit ich die Verarbeitung Ihrer personenbezogenen Daten auf die Interessenabw\u00e4gung st\u00fctze, k\u00f6nnen Sie Widerspruch gegen die Verarbeitung einlegen. Dies ist der Fall, wenn die Verarbeitung insbesondere nicht zur Erf\u00fcllung eines Vertrags mit Ihnen erforderlich ist, was von mir jeweils bei der nachfolgenden Beschreibung der Funktionen dargestellt wird. Bei Aus\u00fcbung eines solchen Widerspruchs bitte ich um Darlegung der Gr\u00fcnde, weshalb ich Ihre personenbezogenen Daten nicht wie von mir durchgef\u00fchrt verarbeiten sollte. Im Falle Ihres begr\u00fcndeten Widerspruchs pr\u00fcfe ich die Sachlage und werden entweder die Datenverarbeitung einstellen bzw. anpassen oder Ihnen meine zwingenden schutzw\u00fcrdigen Gr\u00fcnde aufzeigen, aufgrund derer ich die Verarbeitung fortf\u00fchre.<\/p>\n<p>(3) Selbstverst\u00e4ndlich k\u00f6nnen Sie der Verarbeitung Ihrer personenbezogenen Daten f\u00fcr Zwecke der Werbung und Datenanalyse jederzeit widersprechen. \u00dcber Ihren Werbewiderspruch k\u00f6nnen Sie mich unter folgenden Kontaktdaten informieren: E-Mail:&nbsp;<a href=\"mailto:shop@car-media-shop.de\">shop@car-media-shop.de.<\/a><\/p>\n<p><strong>\u00a7 6 Einsatz von Google Analytics<\/strong><\/p>\n<p>(1) Diese Website benutzt Google Analytics, einen Webanalysedienst der Google Inc. (\u201eGoogle\u201c). Google Analytics verwendet sog. \u201eCookies\u201c, Textdateien, die auf Ihrem Computer gespeichert werden und die eine Analyse der Benutzung der Website durch Sie erm\u00f6glichen. Die durch den Cookie erzeugten Informationen \u00fcber Ihre Benutzung dieser Website werden in der Regel an einen Server von Google in den USA \u00fcbertragen und dort gespeichert. Im Falle der Aktivierung der IP-Anonymisierung auf dieser Website, wird Ihre IP-Adresse von Google jedoch innerhalb von Mitgliedstaaten der Europ\u00e4ischen Union oder in anderen Vertragsstaaten des Abkommens \u00fcber den Europ\u00e4ischen Wirtschaftsraum zuvor gek\u00fcrzt. Nur in Ausnahmef\u00e4llen wird die volle IP-Adresse an einen Server von Google in den USA \u00fcbertragen und dort gek\u00fcrzt. Im Auftrag des Betreibers dieser Website wird Google diese Informationen benutzen, um Ihre Nutzung der Website auszuwerten, um Reports \u00fcber die Website-Aktivit\u00e4ten zusammenzustellen und um weitere mit der Website-Nutzung und der Internetnutzung verbundene Dienstleistungen gegen\u00fcber dem Website-Betreiber zu erbringen.<\/p>\n<p>(2) Die im Rahmen von Google Analytics von Ihrem Browser \u00fcbermittelte IP-Adresse wird nicht mit anderen Daten von Google zusammengef\u00fchrt.<\/p>\n<p>(3) Sie k\u00f6nnen die Speicherung der Cookies durch eine entsprechende Einstellung Ihrer Browser-Software verhindern; ich weise Sie jedoch darauf hin, dass Sie in diesem Fall gegebenenfalls nicht s\u00e4mtliche Funktionen dieser Website vollumf\u00e4nglich werden nutzen k\u00f6nnen. Sie k\u00f6nnen dar\u00fcber hinaus die Erfassung der durch das Cookie erzeugten und auf Ihre Nutzung der Website bezogenen Daten (inkl. Ihrer IP-Adresse) an Google sowie die Verarbeitung dieser Daten durch Google verhindern, indem sie das unter dem folgenden Link verf\u00fcgbare Browser-Plug-in herunterladen und installieren:&nbsp;<a rel=\"noreferrer noopener\" href=\"http:\/\/tools.google.com\/dlpage\/gaoptout?hl=de\" target=\"_blank\">tools.google.com\/dlpage\/gaoptout<\/a>.<\/p>\n<p>(4) Diese Website verwendet Google Analytics mit der Erweiterung \u201e_anonymizeIp()\u201c. Dadurch werden IP-Adressen gek\u00fcrzt weiterverarbeitet, eine Personenbeziehbarkeit kann damit ausgeschlossen werden. Soweit den \u00fcber Sie erhobenen Daten ein Personenbezug zukommt, wird dieser also sofort ausgeschlossen und die personenbezogenen Daten damit umgehend gel\u00f6scht.<\/p>\n<p>(5) Ich nutze Google Analytics, um die Nutzung der Website analysieren und regelm\u00e4\u00dfig verbessern zu k\u00f6nnen. \u00dcber die gewonnenen Statistiken kann ich mein Angebot verbessern und f\u00fcr Sie als Nutzer interessanter ausgestalten. F\u00fcr die Ausnahmef\u00e4lle, in denen personenbezogene Daten in die USA \u00fcbertragen werden, hat sich Google dem EU-US Privacy Shield unterworfen, https:\/\/www.privacyshield.gov\/EU-US-Framework. Rechtsgrundlage f\u00fcr die Nutzung von Google Analytics ist Art.&nbsp;<a rel=\"noreferrer noopener\" href=\"https:\/\/beck-online.beck.de\/?typ=reference&amp;y=100&amp;a=6&amp;g=EWG_DSGVO\" target=\"_blank\">6<\/a>&nbsp;Abs.&nbsp;<a rel=\"noreferrer noopener\" href=\"https:\/\/beck-online.beck.de\/?typ=reference&amp;y=100&amp;a=6&amp;g=EWG_DSGVO&amp;x=1\" target=\"_blank\">1<\/a>&nbsp;S. 1 lit. f DS-GVO.<a rel=\"noreferrer noopener\" href=\"https:\/\/beck-online.beck.de\/?typ=reference&amp;y=600&amp;w=KorengLachenmannFbDSR&amp;gl=F-I-5&amp;rn=2\" target=\"_blank\">2<\/a><\/p>\n<p>(6) Informationen des Drittanbieters: Google Dublin, Google Ireland Ltd., Gordon House, Barrow Street, Dublin 4, Ireland, Fax: +353 (1) 436\u20091001. Nutzerbedingungen:&nbsp;<a href=\"http:\/\/www.google.com\/analytics\/terms\/de.html\" target=\"_blank\" rel=\"noreferrer noopener\">www.google.com\/analytics\/terms\/de.html<\/a>, \u00dcbersicht zum Datenschutz:&nbsp;<a href=\"http:\/\/www.google.com\/intl\/de\/analytics\/learn\/privacy.html\" target=\"_blank\" rel=\"noreferrer noopener\">www.google.com\/intl\/de\/analytics\/learn\/privacy.html<\/a>, sowie die Datenschutzerkl\u00e4rung:&nbsp;<a href=\"http:\/\/www.google.de\/intl\/de\/policies\/privacy\" target=\"_blank\" rel=\"noreferrer noopener\">www.google.de\/intl\/de\/policies\/privacy<\/a>.<\/p>\n<p><strong>\u00a7 7 Hinweis zu Personen unter 18 Jahren<\/strong><\/p>\n<p>Meine Webseite richtet sich nicht an Personen unter 18 Jahren und ich werde keine pers\u00f6nlichen Daten von Personen unter 18 Jahren absichtlich erfassen, nutzen, zur Verf\u00fcgung stellen oder in irgendeiner anderen Form verarbeiten.<\/p>\n<p>Personen unter 18 Jahren bitte ich daher, mir keine personenbezogenen Daten (beispielsweise Name, Anschrift und E-Mail-Adresse) zu senden. Wenn Sie unter 18 Jahre alt sind, und eine Frage stellen oder diese Webseite in irgendeiner Weise nutzen wollen, bei der die Angabe Ihrer pers\u00f6nlichen Daten erforderlich ist, bitten Sie Ihre Eltern oder Erziehungsberechtigten, dies in Ihrem Namen zu tun.<\/p>\n<p><strong>\u00a7 8 \u00c4nderungen dieser Erkl\u00e4rung \/ Schlussbestimmungen<\/strong><\/p>\n<p>Von Zeit zu Zeit k\u00f6nnen wir \u00c4nderungen an dieser Datenschutzerkl\u00e4rung vornehmen. Wenn wir wesentliche \u00c4nderungen an dieser Datenschutzerkl\u00e4rung und der Art und Weise vornehmen, wie wir Ihre personenbezogenen Daten verwenden, ver\u00f6ffentlichen wir diese \u00c4nderungen auf dieser Seite und werden unser Bestes tun, Sie \u00fcber jedwede wesentlichen \u00c4nderungen zu informieren. Bitte \u00fcberpr\u00fcfen Sie unsere Datenschutzrichtlinie regelm\u00e4\u00dfig.<\/p>\n<p>Sollten einzelne Bestimmungen unwirksam sein oder werden, bleiben die \u00fcbrigen Bestimmungen davon unber\u00fchrt.<\/p>\n<p>Stand: April 2020<\/p>\n<\/div><\/div>\n\n\n\n<hr class=\"wp-block-separator\"\/>\n\n\n\n<h2 class=\"wp-block-heading\">Allgemeine Gesch\u00e4ftsbedingungen<\/h2>\n\n\n<div class=\"su-spoiler su-spoiler-style-default su-spoiler-icon-plus-square-1 su-spoiler-closed\" data-scroll-offset=\"0\" data-anchor-in-url=\"no\"><div class=\"su-spoiler-title\" tabindex=\"0\" role=\"button\"><span class=\"su-spoiler-icon\"><\/span>Bitte anklicken zum Aufklappen<\/div><div class=\"su-spoiler-content su-u-clearfix su-u-trim\">\n<p><strong>1. Geltungsbereich<\/strong><\/p>\n<p>F\u00fcr alle Bestellungen \u00fcber meinen Online-Shop durch Verbraucher und Unternehmer gelten die nachfolgenden AGB.<\/p>\n<p>Verbraucher ist jede nat\u00fcrliche Person, die ein Rechtsgesch\u00e4ft zu Zwecken abschlie\u00dft, die \u00fcberwiegend weder ihrer gewerblichen noch ihrer selbst\u00e4ndigen beruflichen T\u00e4tigkeit zugerechnet werden k\u00f6nnen. Unternehmer ist eine nat\u00fcrliche oder juristische Person oder eine rechtsf\u00e4hige Personengesellschaft, die bei Abschluss eines Rechtsgesch\u00e4fts in Aus\u00fcbung ihrer gewerblichen oder selbst\u00e4ndigen beruflichen T\u00e4tigkeit handelt.<\/p>\n<p>Gegen\u00fcber Unternehmern gelten diese AGB auch f\u00fcr k\u00fcnftige Gesch\u00e4ftsbeziehungen, ohne dass wir nochmals auf sie hinweisen m\u00fcssten. Verwendet der Unternehmer entgegenstehende oder erg\u00e4nzende Allgemeine Gesch\u00e4ftsbedingungen, wird deren Geltung hiermit widersprochen; sie werden nur dann Vertragsbestandteil, wenn wir dem ausdr\u00fccklich zugestimmt haben.<\/p>\n<p><strong>2. Vertragspartner, Vertragsschluss<\/strong><\/p>\n<p>Der Kaufvertrag kommt zustande mit Andreas Meier, In den D\u00f6hren 19, 32130 Enger.<\/p>\n<p>Die Darstellung und Auspreisung der Produkte im Online-Shop stellt kein rechtlich bindendes Angebot, sondern einen unverbindlichen Online-Katalog dar. Durch Anklicken des Bestellbuttons geben Sie eine verbindliche Bestellung der im Warenkorb enthaltenen Waren ab. Die Best\u00e4tigung des Zugangs Ihrer Bestellung erfolgt per E-Mail. <\/p>\n<p>Die f\u00fcr den Vertragsschluss zur Verf\u00fcgung stehende Sprache ist Deutsch.<\/p>\n<p>Ich speichere den Vertragstext und sende Ihnen die Bestelldaten per E-Mail zu. Die AGB k\u00f6nnen Sie jederzeit hier auf dieser Seite einsehen. <\/p>\n<p><strong>3. Zahlungsbedingungen<\/strong><\/p>\n<p>Im Shop stehen folgende Zahlungsarten zur Verf\u00fcgung:<\/p>\n<p>Vorkasse<br \/>Wenn Sie per Vorkasse zahlen m\u00f6chten, teile ich ihnen meine Bankverbindung per E-Mail mit und versende die verf\u00fcgbare Ware nach Zahlungseingang.<\/p>\n<p>Nachnahme<br \/>Wenn Sie per Nachnahme zahlen m\u00f6chten, versende ich die Ware direkt sobald Sie verf\u00fcgbar ist und Sie entrichten den Kaufpreis, zzgl Versandkosten und den anfallenden Nachnahmegeb\u00fchren direkt an den Zusteller.<\/p>\n<p>PayPal<br \/>Wenn Sie per PayPal zahlen m\u00f6chten, werden Sie im Bestellprozess auf die Webseite des Online-Anbieters PayPal weitergeleitet. Hier m\u00fcssen Sie sich registrieren, oder sich mit ihren vorhandenen Zugangsdaten legitimieren. <\/p>\n<p>AmazonPay<br \/>Wenn Sie per AmazonPay zahlen m\u00f6chten, werden Sie im Bestellprozess auf die Webseite des Online-Anbieters Amazon weitergeleitet. Hier folgen Sie dem Ablauf durch Anlage oder Einloggen.<\/p>\n<p><strong>4. Lieferbedingungen<\/strong><\/p>\n<p>Zu den angegebenen Produktpreisen kommen noch Versandkosten hinzu sofern Sie die Ware nicht direkt bei mir abholen. Die Versandkosten innerhalb Deutschland betragen 6,90\u20ac f\u00fcr Ware in haushalts\u00fcblicher Menge. Bei Gro\u00dfbestellungen oder Versand ins Ausland, kontaktieren Sie mich bitte vor Aufgabe der Bestellung.<\/p>\n<p><strong>5. Eigentumsvorbehalt<\/strong><\/p>\n<p>Die Ware bleibt bis zur vollst\u00e4ndigen Bezahlung mein Eigentum.<br \/>F\u00fcr Unternehmer gilt erg\u00e4nzend: Ich behalten mir das Eigentum an der Ware bis zur vollst\u00e4ndigen Begleichung aller Forderungen aus einer laufenden Gesch\u00e4ftsbeziehung vor. Sie d\u00fcrfen die Vorbehaltsware im ordentlichen Gesch\u00e4ftsbetrieb weiterver\u00e4u\u00dfern; s\u00e4mtliche aus diesem Weiterverkauf entstehenden Forderungen treten Sie \u2013 unabh\u00e4ngig von einer Verbindung oder Vermischung der Vorbehaltsware mit einer neuen Sache &#8211; in H\u00f6he des Rechnungsbetrages an mich im Voraus ab, und ich nehme diese Abtretung an. Sie bleiben zur Einziehung der Forderungen erm\u00e4chtigt, ich darf Forderungen jedoch auch selbst einziehen, soweit Sie Ihren Zahlungsverpflichtungen nicht nachkommen.<\/p>\n<p><strong>6. Transportsch\u00e4den<\/strong><\/p>\n<p>F\u00fcr Verbraucher gilt:<br \/>Werden Waren mit offensichtlichen Transportsch\u00e4den angeliefert, so reklamieren Sie solche Fehler bitte m\u00f6glichst sofort beim Zusteller und nehmen Sie bitte unverz\u00fcglich Kontakt zu mir auf. Die Vers\u00e4umung einer Reklamation oder Kontaktaufnahme hat f\u00fcr Ihre gesetzlichen Anspr\u00fcche und deren Durchsetzung, insbesondere Ihre Gew\u00e4hrleistungsrechte, keinerlei Konsequenzen. Sie helfen mir aber, meine eigenen Anspr\u00fcche gegen\u00fcber dem Frachtf\u00fchrer bzw. der Transportversicherung geltend machen zu k\u00f6nnen.<\/p>\n<p>F\u00fcr Unternehmer gilt:<br \/>Die Gefahr des zuf\u00e4lligen Untergangs und der zuf\u00e4lligen Verschlechterung geht auf Sie \u00fcber, sobald ich die Sache dem Spediteur, dem Frachtf\u00fchrer oder der sonst zur Ausf\u00fchrung der Versendung bestimmten Person oder Anstalt ausgeliefert habe. <\/p>\n<p><strong>7. Gew\u00e4hrleistung und Garantien<\/strong><\/p>\n<p>Soweit nicht nachstehend ausdr\u00fccklich anders vereinbart, gilt das gesetzliche M\u00e4ngelhaftungsrecht. <br \/>F\u00fcr Unternehmer betr\u00e4gt die Verj\u00e4hrungsfrist f\u00fcr M\u00e4ngelanspr\u00fcche ein Jahr ab Gefahr\u00fcbergang; die gesetzlichen Verj\u00e4hrungsfristen f\u00fcr den R\u00fcckgriffsanspruch nach \u00a7 478 BGB bleiben unber\u00fchrt.<br \/>Gegen\u00fcber Unternehmern gelten als Vereinbarung \u00fcber die Beschaffenheit der Ware nur meine eigenen Angaben und die Produktbeschreibungen des Herstellers, die in den Vertrag einbezogen wurden; f\u00fcr \u00f6ffentliche \u00c4u\u00dferungen des Herstellers oder sonstige Werbeaussagen \u00fcbernehme ich keine Haftung.<br \/>Ist die gelieferte Sache mangelhaft, leiste ich gegen\u00fcber Unternehmern zun\u00e4chst nach meiner Wahl Gew\u00e4hr durch Beseitigung des Mangels (Nachbesserung) oder durch Lieferung einer mangelfreien Sache (Ersatzlieferung).<br \/>Informationen zu gegebenenfalls geltenden zus\u00e4tzlichen Garantien und deren genaue Bedingungen finden Sie jeweils beim Produkt und auf besonderen Informationsseiten im Onlineshop.<\/p>\n<p>8<strong>. Haftung<\/strong><\/p>\n<p>Ich hafte nicht f\u00fcr Sch\u00e4den und\/oder Folgesch\u00e4den jeglicher Art, au\u00dfer diese Sch\u00e4den sind nachweislich durch mich vors\u00e4tzlich oder grob fahrl\u00e4ssig verursacht worden.  <\/p>\n<p>9. <strong>Hinweis gem\u00e4\u00df Batteriegesetz<\/strong><\/p>\n<p>Da in meinen Sendungen Batterien und Akkus enthalten sein k\u00f6nnen, bin ich nach dem Batteriegesetz (BattG) verpflichtet, Sie auf Folgendes hinzuweisen: Batterien und Akkus d\u00fcrfen nicht im Hausm\u00fcll entsorgt werden, sondern Sie sind zur R\u00fcckgabe gebrauchter Batterien und Akkus gesetzlich verpflichtet. Altbatterien k\u00f6nnen Schadstoffe enthalten, die bei nicht sachgem\u00e4\u00dfer Lagerung oder Entsorgung die Umwelt oder Ihre Gesundheit sch\u00e4digen k\u00f6nnen. Batterien enthalten aber auch wichtige Rohstoffe wie z.B. Eisen, Zink, Mangan oder Nickel und k\u00f6nnen verwertet werden. Sie k\u00f6nnen die Batterien nach Gebrauch entweder an mich  zur\u00fccksenden oder in ihrer N\u00e4he (z.B. im Handel oder in kommunalen Sammelstellen) unentgeltlich zur\u00fcckgegeben.<br \/>Die Abgabe in Verkaufsstellen ist dabei auf f\u00fcr Endnutzer f\u00fcr die \u00fcbliche Mengen sowie solche Altbatterien beschr\u00e4nkt, die der Vertreiber als Neubatterien in seinem Sortiment f\u00fchrt oder gef\u00fchrt hat.<br \/>In der N\u00e4he des M\u00fclltonnensymbols befindet sich die chemische Bezeichnung des Schadstoffes.<br \/>Cd -&gt; Batterie enth\u00e4lt Cadmium<br \/>Pb -&gt; Batterie enth\u00e4lt Blei<br \/>Hg -&gt; Batterie enth\u00e4lt Quecksilber<\/p>\n<\/div><\/div>\n\n\n\n<p><\/p>\n","protected":false},"excerpt":{"rendered":"<p>Angaben gem\u00e4\u00df \u00a75 TMG Car-Media-ShopIn den D\u00f6hren 1932130 Enger Mobil: +49 160 2157622info[@]car-media-shop.de Ansprechpartner: Andreas Meier Haftungsausschluss Datenschutz Allgemeine Gesch\u00e4ftsbedingungen<\/p>\n","protected":false},"author":1,"featured_media":0,"parent":0,"menu_order":0,"comment_status":"closed","ping_status":"closed","template":"","meta":{"footnotes":""},"class_list":["post-4","page","type-page","status-publish","hentry"],"jetpack_sharing_enabled":true,"_links":{"self":[{"href":"https:\/\/car-media-shop.de\/index.php?rest_route=\/wp\/v2\/pages\/4","targetHints":{"allow":["GET"]}}],"collection":[{"href":"https:\/\/car-media-shop.de\/index.php?rest_route=\/wp\/v2\/pages"}],"about":[{"href":"https:\/\/car-media-shop.de\/index.php?rest_route=\/wp\/v2\/types\/page"}],"author":[{"embeddable":true,"href":"https:\/\/car-media-shop.de\/index.php?rest_route=\/wp\/v2\/users\/1"}],"replies":[{"embeddable":true,"href":"https:\/\/car-media-shop.de\/index.php?rest_route=%2Fwp%2Fv2%2Fcomments&post=4"}],"version-history":[{"count":6,"href":"https:\/\/car-media-shop.de\/index.php?rest_route=\/wp\/v2\/pages\/4\/revisions"}],"predecessor-version":[{"id":179,"href":"https:\/\/car-media-shop.de\/index.php?rest_route=\/wp\/v2\/pages\/4\/revisions\/179"}],"wp:attachment":[{"href":"https:\/\/car-media-shop.de\/index.php?rest_route=%2Fwp%2Fv2%2Fmedia&parent=4"}],"curies":[{"name":"wp","href":"https:\/\/api.w.org\/{rel}","templated":true}]}}